{"id":3,"date":"2024-06-10T17:19:50","date_gmt":"2024-06-10T17:19:50","guid":{"rendered":"https:\/\/rte.pt\/?page_id=3"},"modified":"2024-11-07T15:11:47","modified_gmt":"2024-11-07T15:11:47","slug":"politica-de-privacidade","status":"publish","type":"page","link":"https:\/\/rte.pt\/pl\/polityka-prywatnosci\/","title":{"rendered":"Polityka prywatno\u015bci"},"content":{"rendered":"<div id=\"fws_69f29148ccc89\"  data-column-margin=\"default\" data-midnight=\"dark\"  class=\"wpb_row vc_row-fluid vc_row  bottom_margin_60px bottom_margin_tablet_40px\"  style=\"padding-top: 0px; padding-bottom: 0px; \"><div class=\"row-bg-wrap\" data-bg-animation=\"none\" data-bg-animation-delay=\"\" data-bg-overlay=\"false\"><div class=\"inner-wrap row-bg-layer\" ><div class=\"row-bg viewport-desktop\"  style=\"\"><\/div><\/div><\/div><div class=\"row_col_wrap_12 col span_12 dark left\">\n\t<div  class=\"vc_col-sm-12 wpb_column column_container vc_column_container col no-extra-padding inherit_tablet inherit_phone\"  data-padding-pos=\"all\" data-has-bg-color=\"false\" data-bg-color=\"\" data-bg-opacity=\"1\" data-animation=\"\" data-delay=\"0\" >\n\t\t<div class=\"vc_column-inner\" >\n\t\t\t<div class=\"wpb_wrapper\">\n\t\t\t\t\n<div class=\"wpb_text_column wpb_content_element  wpb_animate_when_almost_visible wpb_fadeInDown fadeInDown vc_custom_1722303439207\" >\n\t<div class=\"wpb_wrapper\">\n\t\t<h3>Polityka prywatno\u015bci<\/h3>\n\t<\/div>\n<\/div>\n\n\n\n\n<div class=\"wpb_text_column wpb_content_element  wpb_animate_when_almost_visible wpb_bottom-to-top bottom-to-top\" >\n\t<div class=\"wpb_wrapper\">\n\t\t<p>Niniejsza Polityka prywatno\u015bci okre\u015bla, w jaki spos\u00f3b RTE wykorzystuje dane osobowe swoich klient\u00f3w, potencjalnych klient\u00f3w i potencjalnych pracownik\u00f3w. Nowa Polityka prywatno\u015bci wesz\u0142a w \u017cycie 25.05.2018 r.<br \/>\nAdministratorem danych w rozumieniu og\u00f3lnego rozporz\u0105dzenia o ochronie danych (RODO) i innych obowi\u0105zuj\u0105cych przepis\u00f3w o ochronie danych w pa\u0144stwach cz\u0142onkowskich Unii Europejskiej oraz innych przepis\u00f3w zwi\u0105zanych z ochron\u0105 danych jest:<\/p>\n<p><strong>Nazwa i adres Administratora danych osobowych<\/strong><\/p>\n<p>RTE<br \/>\nRua Caminho do Senhor, 755-775<br \/>\n4414-002 Serzedo<br \/>\nPortugalli<br \/>\nPORTUGALII<br \/>\nE-mail: dpo@rte.pt<br \/>\nStrona internetowa: http:\/\/www.rte.pt\/<\/p>\n<p>&nbsp;<\/p>\n<p><span style=\"color: #ff6600;\">\u25cf <\/span>\u00a0\u00a0<strong>W jaki spos\u00f3b gromadzimy dane osobowe u\u017cytkownik\u00f3w<\/strong><\/p>\n<p>Dane osobowe u\u017cytkownika b\u0119d\u0105 gromadzone i przetwarzane w nast\u0119puj\u0105cych sytuacjach:<\/p>\n<ul>\n<li>w przypadku podania danych osobowych w formularzu kontaktowym;<\/li>\n<li>podczas ubiegania si\u0119 o prac\u0119.<\/li>\n<\/ul>\n<p>&nbsp;<\/p>\n<p><span style=\"color: #ff6600;\">\u25cf <\/span>\u00a0<strong> Do jakich cel\u00f3w mog\u0105 by\u0107 wykorzystywane dane osobowe u\u017cytkownik\u00f3w<\/strong><\/p>\n<p>Dane osobowe u\u017cytkownik\u00f3w b\u0119d\u0105 gromadzone i wykorzystywane do cel\u00f3w komunikacji z klientami i kontaktu z kandydatami do pracy.<\/p>\n<p>&nbsp;<\/p>\n<p><span style=\"color: #ff6600;\">\u25cf <\/span>\u00a0<strong> Jakie dane osobowe mog\u0105 by\u0107 gromadzone<\/strong><\/p>\n<ul>\n<li>Nazwa<\/li>\n<li>Email<\/li>\n<li>Plik Curriculum Vitae<\/li>\n<\/ul>\n<p>&nbsp;<\/p>\n<p><span style=\"color: #ff6600;\">\u25cf <\/span>\u00a0<strong> Ciasteczka<\/strong><\/p>\n<p>Czym s\u0105 pliki cookie?<\/p>\n<p>Pliki cookie to pliki tekstowe wysy\u0142ane przez odwiedzane strony internetowe, kt\u00f3re s\u0105 przechowywane na komputerze u\u017cytkownika. Udost\u0119pniane informacje zwi\u0119kszaj\u0105 wydajno\u015b\u0107 stron internetowych, u\u0142atwiaj\u0105c u\u017cytkownikom dost\u0119p do informacji, kt\u00f3rych szukaj\u0105, eliminuj\u0105c potrzeb\u0119 wielokrotnego wprowadzania tych samych informacji.\u2028Pliki cookie nie s\u0105 wykorzystywane do gromadzenia danych osobowych; identyfikuj\u0105 one jedynie u\u017cywany komputer.<\/p>\n<p>Polityka prywatno\u015bci<\/p>\n<p>Wszystkie informacje zebrane na tej stronie s\u0105 wykorzystywane w celu ulepszenia us\u0142ugi i u\u0142atwienia nawigacji przez u\u017cytkownika. Wszystkie przepisy dotycz\u0105ce ochrony danych s\u0105 spe\u0142nione<\/p>\n<p>Zapisane pliki cookie<\/p>\n<ul>\n<li>Identyfikacja sesji<\/li>\n<li>Rozdzielczo\u015b\u0107 ekranu u\u017cytkownika<\/li>\n<li>Google Analytics<\/li>\n<\/ul>\n<p>&nbsp;<\/p>\n<p><span style=\"color: #ff6600;\">\u25cf <\/span>\u00a0<strong> Jak zabezpieczamy dane osobowe u\u017cytkownik\u00f3w<\/strong><\/p>\n<p>Korzystamy z r\u00f3\u017cnych \u015brodk\u00f3w bezpiecze\u0144stwa, w tym narz\u0119dzi szyfrowania i uwierzytelniania, aby pom\u00f3c chroni\u0107 i utrzymywa\u0107 bezpiecze\u0144stwo, integralno\u015b\u0107 i dost\u0119pno\u015b\u0107 danych osobowych u\u017cytkownik\u00f3w.<\/p>\n<p>&nbsp;<\/p>\n<p><span style=\"color: #ff6600;\">\u25cf <\/span>\u00a0<strong> Jak d\u0142ugo przechowujemy dane osobowe u\u017cytkownika<\/strong><\/p>\n<p>Dane u\u017cytkownika b\u0119d\u0105 przechowywane do czasu, gdy u\u017cytkownik za\u017c\u0105da ich usuni\u0119cia.<\/p>\n<p>&nbsp;<\/p>\n<p><span style=\"color: #ff6600;\">\u25cf <\/span>\u00a0<strong> W jaki spos\u00f3b mo\u017cna zmieni\u0107 lub wycofa\u0107 zgod\u0119<br \/>\n<\/strong><\/p>\n<p>U\u017cytkownik mo\u017ce zmieni\u0107 lub wycofa\u0107 swoj\u0105 zgod\u0119 w dowolnym momencie.\u2028\u2028Po ca\u0142kowitym wycofaniu zgody nie b\u0119dzie otrzymywa\u0107 wiadomo\u015bci w celach okre\u015blonych w niniejszej Polityce prywatno\u015bci.<br \/>\nJe\u015bli chcesz wycofa\u0107 swoj\u0105 zgod\u0119, skontaktuj si\u0119 z nami korzystaj\u0105c z adresu e-mail dpo@rte.pt<\/p>\n<p>&nbsp;<\/p>\n<p><span style=\"color: #ff6600;\">\u25cf <\/span>\u00a0<strong> Prawa osoby, kt\u00f3rej dane dotycz\u0105<\/strong><\/p>\n<p>W przypadku jakichkolwiek pyta\u0144 dotycz\u0105cych wykorzystywania przez nas danych osobowych u\u017cytkownik\u00f3w, prosimy o kontakt z Administratorem Danych Osobowych.<\/p>\n<p>Pod pewnymi warunkami u\u017cytkownik mo\u017ce mie\u0107 prawo do zwr\u00f3cenia si\u0119 do nas o:<\/p>\n<ul>\n<li>przedstawienie dodatkowych informacji na temat wykorzystywania przez nas jego danych osobowych;<\/li>\n<li>przedstawienie kopii danych osobowych, kt\u00f3re nam udost\u0119pni\u0142;<\/li>\n<li>udost\u0119pnianie danych osobowych przekazanych nam przez u\u017cytkownika innemu administratorowi na jego \u017c\u0105danie;<\/li>\n<li>zaktualizowanie wszelkich nie\u015bcis\u0142o\u015bci w przechowywanych przez nas danych osobowych;<\/li>\n<li>usuni\u0119cie danych osobowych, kt\u00f3rych wykorzystywanie nie jest ju\u017c uzasadnione;<\/li>\n<li>ograniczenie sposobu, w jaki wykorzystujemy dane osobowe u\u017cytkownika do czasu rozpatrzenia z\u0142o\u017conej skargi.<\/li>\n<\/ul>\n<p>Korzystanie przez u\u017cytkownika z tych praw podlega pewnym wyj\u0105tkom maj\u0105cym na celu ochron\u0119 interesu publicznego (zapobieganie lub wykrywanie przest\u0119pstw) lub naszego interesu (zachowanie tajemnicy zawodowej).<\/p>\n<p>Je\u015bli u\u017cytkownik skorzysta z kt\u00f3regokolwiek z tych praw, rozpatrzymy jego wniosek i zazwyczaj odpowiemy w ci\u0105gu 1 (jednego) miesi\u0105ca.<\/p>\n<p>&nbsp;<\/p>\n<p><span style=\"color: #ff6600;\">\u25cf <\/span>\u00a0<strong> Zmiany niniejszej polityki prywatno\u015bci<\/strong><\/p>\n<p>Niniejsza Polityka prywatno\u015bci wesz\u0142a w \u017cycie w dniu 25.05.2018 r. i pozostanie w mocy, z wyj\u0105tkiem wszelkich przysz\u0142ych zmian jej postanowie\u0144, kt\u00f3re wejd\u0105 w \u017cycie natychmiast po ich udost\u0119pnieniu na tej stronie.<\/p>\n<p>Zastrzegamy sobie prawo do aktualizacji lub zmiany naszej Polityki prywatno\u015bci w dowolnym momencie i zalecamy regularne sprawdzanie niniejszej Polityki prywatno\u015bci. Dalsze korzystanie z tej Us\u0142ugi po udost\u0119pnieniu przez nas jakichkolwiek modyfikacji Polityki prywatno\u015bci na tej stronie b\u0119dzie stanowi\u0107 potwierdzenie tych modyfikacji i zgod\u0119 na przestrzeganie i zwi\u0105zanie si\u0119 zmodyfikowan\u0105 Polityk\u0105 prywatno\u015bci.<\/p>\n<p>Je\u015bli wprowadzimy jakiekolwiek istotne zmiany w niniejszej Polityce prywatno\u015bci, powiadomimy o tym u\u017cytkownik\u00f3w za po\u015brednictwem podanych adres\u00f3w e-mail lub publikuj\u0105c wyra\u017ane powiadomienie na naszej stronie internetowej.<\/p>\n\t<\/div>\n<\/div>\n\n\n\n\n\t\t\t<\/div> \n\t\t<\/div>\n\t<\/div> \n<\/div><\/div>","protected":false},"excerpt":{"rendered":"Polityka prywatno\u015bci Niniejsza Polityka prywatno\u015bci okre\u015bla, w jaki spos\u00f3b RTE wykorzystuje dane osobowe swoich klient\u00f3w, potencjalnych klient\u00f3w i potencjalnych pracownik\u00f3w. Nowa Polityka prywatno\u015bci...","protected":false},"author":1,"featured_media":0,"parent":0,"menu_order":0,"comment_status":"closed","ping_status":"closed","template":"","meta":{"footnotes":""},"class_list":["post-3","page","type-page","status-publish"],"yoast_head":"<!-- This site is optimized with the Yoast SEO plugin v24.3 - https:\/\/yoast.com\/wordpress\/plugins\/seo\/ -->\n<title>Pol\u00edtica de Privacidade - RTE<\/title>\n<meta name=\"robots\" content=\"index, follow, max-snippet:-1, max-image-preview:large, max-video-preview:-1\" \/>\n<link rel=\"canonical\" href=\"https:\/\/rte.pt\/pl\/polityka-prywatnosci\/\" \/>\n<meta property=\"og:locale\" content=\"pl_PL\" \/>\n<meta property=\"og:type\" content=\"article\" \/>\n<meta property=\"og:title\" content=\"Pol\u00edtica de Privacidade - RTE\" \/>\n<meta property=\"og:url\" content=\"https:\/\/rte.pt\/pl\/polityka-prywatnosci\/\" \/>\n<meta property=\"og:site_name\" content=\"RTE\" \/>\n<meta property=\"article:modified_time\" content=\"2024-11-07T15:11:47+00:00\" \/>\n<meta property=\"og:image\" content=\"https:\/\/rte.pt\/wp-content\/uploads\/2024\/11\/rteportugaldrone-15-1.webp\" \/>\n\t<meta property=\"og:image:width\" content=\"901\" \/>\n\t<meta property=\"og:image:height\" content=\"652\" \/>\n\t<meta property=\"og:image:type\" content=\"image\/webp\" \/>\n<meta name=\"twitter:card\" content=\"summary_large_image\" \/>\n<meta name=\"twitter:label1\" content=\"Szacowany czas czytania\" \/>\n\t<meta name=\"twitter:data1\" content=\"5 minut\" \/>\n<script type=\"application\/ld+json\" class=\"yoast-schema-graph\">{\"@context\":\"https:\/\/schema.org\",\"@graph\":[{\"@type\":\"WebPage\",\"@id\":\"https:\/\/rte.pt\/politica-de-privacidade\/\",\"url\":\"https:\/\/rte.pt\/politica-de-privacidade\/\",\"name\":\"Pol\u00edtica de Privacidade - RTE\",\"isPartOf\":{\"@id\":\"https:\/\/rte.pt\/#website\"},\"datePublished\":\"2024-06-10T17:19:50+00:00\",\"dateModified\":\"2024-11-07T15:11:47+00:00\",\"breadcrumb\":{\"@id\":\"https:\/\/rte.pt\/politica-de-privacidade\/#breadcrumb\"},\"inLanguage\":\"pl-PL\",\"potentialAction\":[{\"@type\":\"ReadAction\",\"target\":[\"https:\/\/rte.pt\/politica-de-privacidade\/\"]}]},{\"@type\":\"BreadcrumbList\",\"@id\":\"https:\/\/rte.pt\/politica-de-privacidade\/#breadcrumb\",\"itemListElement\":[{\"@type\":\"ListItem\",\"position\":1,\"name\":\"In\u00edcio\",\"item\":\"https:\/\/rte.pt\/\"},{\"@type\":\"ListItem\",\"position\":2,\"name\":\"Pol\u00edtica de Privacidade\"}]},{\"@type\":\"WebSite\",\"@id\":\"https:\/\/rte.pt\/#website\",\"url\":\"https:\/\/rte.pt\/\",\"name\":\"RTE\",\"description\":\"Delivering Cycling Solutions\",\"potentialAction\":[{\"@type\":\"SearchAction\",\"target\":{\"@type\":\"EntryPoint\",\"urlTemplate\":\"https:\/\/rte.pt\/?s={search_term_string}\"},\"query-input\":{\"@type\":\"PropertyValueSpecification\",\"valueRequired\":true,\"valueName\":\"search_term_string\"}}],\"inLanguage\":\"pl-PL\"}]}<\/script>\n<!-- \/ Yoast SEO plugin. -->","yoast_head_json":{"title":"Pol\u00edtica de Privacidade - RTE","robots":{"index":"index","follow":"follow","max-snippet":"max-snippet:-1","max-image-preview":"max-image-preview:large","max-video-preview":"max-video-preview:-1"},"canonical":"https:\/\/rte.pt\/pl\/polityka-prywatnosci\/","og_locale":"pl_PL","og_type":"article","og_title":"Pol\u00edtica de Privacidade - RTE","og_url":"https:\/\/rte.pt\/pl\/polityka-prywatnosci\/","og_site_name":"RTE","article_modified_time":"2024-11-07T15:11:47+00:00","og_image":[{"width":901,"height":652,"url":"https:\/\/rte.pt\/wp-content\/uploads\/2024\/11\/rteportugaldrone-15-1.webp","type":"image\/webp"}],"twitter_card":"summary_large_image","twitter_misc":{"Szacowany czas czytania":"5 minut"},"schema":{"@context":"https:\/\/schema.org","@graph":[{"@type":"WebPage","@id":"https:\/\/rte.pt\/politica-de-privacidade\/","url":"https:\/\/rte.pt\/politica-de-privacidade\/","name":"Pol\u00edtica de Privacidade - RTE","isPartOf":{"@id":"https:\/\/rte.pt\/#website"},"datePublished":"2024-06-10T17:19:50+00:00","dateModified":"2024-11-07T15:11:47+00:00","breadcrumb":{"@id":"https:\/\/rte.pt\/politica-de-privacidade\/#breadcrumb"},"inLanguage":"pl-PL","potentialAction":[{"@type":"ReadAction","target":["https:\/\/rte.pt\/politica-de-privacidade\/"]}]},{"@type":"BreadcrumbList","@id":"https:\/\/rte.pt\/politica-de-privacidade\/#breadcrumb","itemListElement":[{"@type":"ListItem","position":1,"name":"In\u00edcio","item":"https:\/\/rte.pt\/"},{"@type":"ListItem","position":2,"name":"Pol\u00edtica de Privacidade"}]},{"@type":"WebSite","@id":"https:\/\/rte.pt\/#website","url":"https:\/\/rte.pt\/","name":"RTE","description":"Delivering Cycling Solutions","potentialAction":[{"@type":"SearchAction","target":{"@type":"EntryPoint","urlTemplate":"https:\/\/rte.pt\/?s={search_term_string}"},"query-input":{"@type":"PropertyValueSpecification","valueRequired":true,"valueName":"search_term_string"}}],"inLanguage":"pl-PL"}]}},"_links":{"self":[{"href":"https:\/\/rte.pt\/pl\/wp-json\/wp\/v2\/pages\/3"}],"collection":[{"href":"https:\/\/rte.pt\/pl\/wp-json\/wp\/v2\/pages"}],"about":[{"href":"https:\/\/rte.pt\/pl\/wp-json\/wp\/v2\/types\/page"}],"author":[{"embeddable":true,"href":"https:\/\/rte.pt\/pl\/wp-json\/wp\/v2\/users\/1"}],"replies":[{"embeddable":true,"href":"https:\/\/rte.pt\/pl\/wp-json\/wp\/v2\/comments?post=3"}],"version-history":[{"count":11,"href":"https:\/\/rte.pt\/pl\/wp-json\/wp\/v2\/pages\/3\/revisions"}],"predecessor-version":[{"id":586,"href":"https:\/\/rte.pt\/pl\/wp-json\/wp\/v2\/pages\/3\/revisions\/586"}],"wp:attachment":[{"href":"https:\/\/rte.pt\/pl\/wp-json\/wp\/v2\/media?parent=3"}],"curies":[{"name":"wp","href":"https:\/\/api.w.org\/{rel}","templated":true}]}}