{"id":243,"date":"2024-07-16T21:48:17","date_gmt":"2024-07-16T21:48:17","guid":{"rendered":"https:\/\/rte.pt\/?page_id=243"},"modified":"2025-04-11T17:47:50","modified_gmt":"2025-04-11T17:47:50","slug":"fabricas-portugal-e-polonia","status":"publish","type":"page","link":"https:\/\/rte.pt\/pl\/produkcja-w-portugalii-i-polsce\/","title":{"rendered":"Zak\u0142ady produkcyjne"},"content":{"rendered":"<div id=\"fws_69f27fcfa38b7\"  data-column-margin=\"default\" data-midnight=\"light\"  class=\"wpb_row vc_row-fluid vc_row full-width-section vc_row-o-full-height vc_row-o-columns-middle bg-animation--slight vc_row-o-equal-height vc_row-flex\"  style=\"padding-top: 0px; padding-bottom: 0px; \"><div class=\"row-bg-wrap\" data-bg-animation=\"zoom-out-reveal\" data-bg-animation-delay=\"\" data-bg-overlay=\"false\"><div class=\"inner-wrap row-bg-layer using-image\" ><div class=\"row-bg viewport-desktop using-image\"  style=\"background-image: url(https:\/\/rte.pt\/wp-content\/uploads\/2024\/08\/Group-48.webp); background-position: right bottom; background-repeat: no-repeat; \"><\/div><\/div><\/div><div class=\"row_col_wrap_12 col span_12 light left\">\n\t<div  class=\"vc_col-sm-12 wpb_column column_container vc_column_container col no-extra-padding inherit_tablet inherit_phone\"  data-padding-pos=\"all\" data-has-bg-color=\"false\" data-bg-color=\"\" data-bg-opacity=\"1\" data-animation=\"\" data-delay=\"0\" >\n\t\t<div class=\"vc_column-inner\" >\n\t\t\t<div class=\"wpb_wrapper\">\n\t\t\t\t<div id=\"fws_69f27fcfa3da3\" data-midnight=\"\" data-column-margin=\"default\" class=\"wpb_row vc_row-fluid vc_row inner_row  max_width_desktop_60vw\"  style=\"padding-top: 10%; \"><div class=\"row-bg-wrap\"> <div class=\"row-bg\" ><\/div> <\/div><div class=\"row_col_wrap_12_inner col span_12  left\">\n\t<div  class=\"vc_col-sm-12 wpb_column column_container vc_column_container col child_column no-extra-padding inherit_tablet inherit_phone\"   data-padding-pos=\"all\" data-has-bg-color=\"false\" data-bg-color=\"\" data-bg-opacity=\"1\" data-animation=\"\" data-delay=\"0\" >\n\t\t<div class=\"vc_column-inner\" >\n\t\t<div class=\"wpb_wrapper\">\n\t\t\t\n<div class=\"wpb_text_column wpb_content_element\" >\n\t<div class=\"wpb_wrapper\">\n\t\t<h2>Nowe wyzwania i<\/h2>\n<h2>mo\u017cliwo\u015bci<\/h2>\n\t<\/div>\n<\/div>\n\n\n\n\n<div class=\"wpb_text_column wpb_content_element  wpb_animate_when_almost_visible wpb_fadeInDown fadeInDown vc_custom_1730966819935\" style=\" max-width: 730px; display: inline-block;\">\n\t<div class=\"wpb_wrapper\">\n\t\t<p>Obecnie posiadamy centra przemys\u0142owe w dw\u00f3ch krajach: Portugalia i Polska.<\/p>\n\t<\/div>\n<\/div>\n\n\n\n\n\t\t<\/div> \n\t<\/div>\n\t<\/div> \n<\/div><\/div>\n\t\t\t<\/div> \n\t\t<\/div>\n\t<\/div> \n<\/div><\/div>\n\t\t<div id=\"fws_69f27fcfa420e\"  data-column-margin=\"default\" data-midnight=\"light\"  class=\"wpb_row vc_row-fluid vc_row  top_padding_phone_40px\"  style=\"padding-top: 80px; padding-bottom: 0px; \"><div class=\"row-bg-wrap\" data-bg-animation=\"none\" data-bg-animation-delay=\"\" data-bg-overlay=\"false\"><div class=\"inner-wrap row-bg-layer\" ><div class=\"row-bg viewport-desktop\"  style=\"\"><\/div><\/div><\/div><div class=\"row_col_wrap_12 col span_12 light left\">\n\t<div  class=\"vc_col-sm-12 wpb_column column_container vc_column_container col no-extra-padding inherit_tablet inherit_phone\"  data-padding-pos=\"all\" data-has-bg-color=\"false\" data-bg-color=\"\" data-bg-opacity=\"1\" data-animation=\"\" data-delay=\"0\" >\n\t\t<div class=\"vc_column-inner\" >\n\t\t\t<div class=\"wpb_wrapper\">\n\t\t\t\t<div id=\"fws_69f27fcfa4301\" data-midnight=\"\" data-column-margin=\"default\" class=\"wpb_row vc_row-fluid vc_row inner_row vc_row-o-content-bottom vc_custom_1721343777231 row_position_absolute top_position_desktop_47px row_position_phone_relative left_padding_130px left_padding_tablet_60px left_padding_phone_60px top_position_phone_40px\"  style=\"\"><div class=\"row-bg-wrap\"> <div class=\"row-bg\" ><\/div> <\/div><div class=\"row_col_wrap_12_inner col span_12  left\">\n\t<div  class=\"vc_col-sm-12 wpb_column column_container vc_column_container col child_column has-animation no-extra-padding inherit_tablet inherit_phone\"   data-padding-pos=\"all\" data-has-bg-color=\"false\" data-bg-color=\"\" data-bg-opacity=\"1\" data-animation=\"reveal-from-bottom\" data-delay=\"500\" >\n\t\t<div class=\"vc_column-inner\" >\n\t\t<div class=\"wpb_wrapper\">\n\t\t\t\n<div class=\"wpb_text_column wpb_content_element\" >\n\t<div class=\"wpb_wrapper\">\n\t\t<h4><span style=\"color: #ff6f00;\">Zak\u0142ady produkcyjne<\/span><\/h4>\n\t<\/div>\n<\/div>\n\n\n\n\n\t\t<\/div> \n\t<\/div>\n\t<\/div> \n<\/div><\/div><div id=\"fws_69f27fcfa43e8\" data-midnight=\"\" data-column-margin=\"default\" class=\"wpb_row vc_row-fluid vc_row inner_row  right_padding_5px top_padding_phone_0px right_padding_tablet_0px right_padding_phone_0px\"  style=\"padding-top: 10px; padding-bottom: 10px; \"><div class=\"row-bg-wrap\"> <div class=\"row-bg\" ><\/div> <\/div><div class=\"row_col_wrap_12_inner col span_12  left\">\n\t<div  class=\"vc_col-sm-12 wpb_column column_container vc_column_container col child_column has-animation no-extra-padding inherit_tablet inherit_phone nectar-mask-reveal nectar-mask-reveal-right_bottom-dir nectar-mask-reveal-straight-shape\"   data-padding-pos=\"all\" data-has-bg-color=\"false\" data-bg-color=\"\" data-bg-opacity=\"1\" data-animation=\"mask-reveal\" data-delay=\"0\" >\n\t\t<div class=\"vc_column-inner\" >\n\t\t<div class=\"wpb_wrapper\">\n\t\t\t<div class=\"img-with-aniamtion-wrap\" data-max-width=\"100%\" data-max-width-mobile=\"200%\" data-shadow=\"none\" data-animation=\"none\" >\n      <div class=\"inner\">\n        <div class=\"hover-wrap\"> \n          <div class=\"hover-wrap-inner\">\n            <img loading=\"lazy\" decoding=\"async\" class=\"img-with-animation skip-lazy\" data-delay=\"0\" height=\"123\" width=\"1625\" data-animation=\"none\" src=\"https:\/\/rte.pt\/wp-content\/uploads\/2024\/06\/Vector-1193.png\" alt=\"\" srcset=\"https:\/\/rte.pt\/wp-content\/uploads\/2024\/06\/Vector-1193.png 1625w, https:\/\/rte.pt\/wp-content\/uploads\/2024\/06\/Vector-1193-300x23.png 300w, https:\/\/rte.pt\/wp-content\/uploads\/2024\/06\/Vector-1193-1024x78.png 1024w, https:\/\/rte.pt\/wp-content\/uploads\/2024\/06\/Vector-1193-768x58.png 768w, https:\/\/rte.pt\/wp-content\/uploads\/2024\/06\/Vector-1193-1536x116.png 1536w\" sizes=\"(max-width: 1625px) 100vw, 1625px\" \/>\n          <\/div>\n        <\/div>\n      <\/div>\n    <\/div>\n\t\t<\/div> \n\t<\/div>\n\t<\/div> \n<\/div><\/div>\n\t\t\t<\/div> \n\t\t<\/div>\n\t<\/div> \n<\/div><\/div>\n\t\t<div id=\"fws_69f27fcfa490e\"  data-column-margin=\"default\" data-midnight=\"light\" data-top-percent=\"14%\" data-bottom-percent=\"13%\"  class=\"wpb_row vc_row-fluid vc_row  bottom_margin_100px\"  style=\"padding-top: calc(100vw * 0.14); padding-bottom: calc(100vw * 0.13); \"><div class=\"row-bg-wrap\" data-bg-animation=\"none\" data-bg-animation-delay=\"\" data-bg-overlay=\"true\"><div class=\"inner-wrap row-bg-layer using-image\" ><div class=\"row-bg viewport-desktop using-image\"  style=\"background-image: url(https:\/\/rte.pt\/wp-content\/uploads\/2024\/11\/Screenshot-2024-11-05-at-11.52.14-1.webp); background-position: center center; background-repeat: no-repeat; \"><\/div><\/div><div class=\"row-bg-overlay row-bg-layer\" style=\"background-color:rgba(0,0,0,0.5);  opacity: 0.3; \"><\/div><\/div><div class=\"row_col_wrap_12 col span_12 light center\">\n\t<div  class=\"vc_col-sm-12 wpb_column column_container vc_column_container col has-animation no-extra-padding inherit_tablet inherit_phone\"  data-padding-pos=\"all\" data-has-bg-color=\"false\" data-bg-color=\"\" data-bg-opacity=\"1\" data-animation=\"grow-in\" data-delay=\"0\" >\n\t\t<div class=\"vc_column-inner\" >\n\t\t\t<div class=\"wpb_wrapper\">\n\t\t\t\t<a href=\"https:\/\/rte.pt\/wp-content\/uploads\/2024\/11\/MAIN-VIDEO-RTE-PORTUGAL_1_1.webm\"  data-style=\"default\" data-parent-hover=\"\" data-font-style=\"p\" data-color=\"default-accent-color\" class=\"play_button_with_text large nectar_video_lightbox pp\"><span><span class=\"screen-reader-text\">Odtw\u00f3rz wideo<\/span><span class=\"play\"><span class=\"inner-wrap inner\"><svg version=\"1.1\"\n\t xmlns=\"http:\/\/www.w3.org\/2000\/svg\" xmlns:xlink=\"http:\/\/www.w3.org\/1999\/xlink\" width=\"600px\" height=\"800px\" x=\"0px\" y=\"0px\" viewbox=\"0 0 600 800\" enable-background=\"new 0 0 600 800\" xml:space=\"preserve\"><path fill=\"none\" d=\"M0-1.79v800L600,395L0-1.79z\"><\/path> <\/svg><\/span><\/span><span class=\"link-text\"><p><\/p><\/span><\/span><\/a>\n<div class=\"wpb_text_column wpb_content_element\" >\n\t<div class=\"wpb_wrapper\">\n\t\t<h4>Fabryka w Portugalii<\/h4>\n\t<\/div>\n<\/div>\n\n\n\n\n\t\t\t<\/div> \n\t\t<\/div>\n\t<\/div> \n<\/div><\/div>\n\t\t<div id=\"fws_69f27fcfa4c5d\"  data-column-margin=\"default\" data-midnight=\"light\" data-top-percent=\"14%\" data-bottom-percent=\"13%\"  class=\"wpb_row vc_row-fluid vc_row  bottom_margin_100px\"  style=\"padding-top: calc(100vw * 0.14); padding-bottom: calc(100vw * 0.13); \"><div class=\"row-bg-wrap\" data-bg-animation=\"none\" data-bg-animation-delay=\"\" data-bg-overlay=\"true\"><div class=\"inner-wrap row-bg-layer using-image\" ><div class=\"row-bg viewport-desktop using-image\"  style=\"background-image: url(https:\/\/rte.pt\/wp-content\/uploads\/2024\/11\/Screenshot-2024-11-05-at-11.52.25-1.webp); background-position: center center; background-repeat: no-repeat; \"><\/div><\/div><div class=\"row-bg-overlay row-bg-layer\" style=\"background-color:rgba(0,0,0,0.65);  opacity: 0.3; \"><\/div><\/div><div class=\"row_col_wrap_12 col span_12 light center\">\n\t<div  class=\"vc_col-sm-12 wpb_column column_container vc_column_container col has-animation no-extra-padding inherit_tablet inherit_phone\"  data-padding-pos=\"all\" data-has-bg-color=\"false\" data-bg-color=\"\" data-bg-opacity=\"1\" data-animation=\"grow-in\" data-delay=\"0\" >\n\t\t<div class=\"vc_column-inner\" >\n\t\t\t<div class=\"wpb_wrapper\">\n\t\t\t\t<a href=\"https:\/\/rte.pt\/wp-content\/uploads\/2024\/11\/Main-Video-RTE-POLAND-HORIZONTAL-1.webm\"  data-style=\"default\" data-parent-hover=\"\" data-font-style=\"p\" data-color=\"default-accent-color\" class=\"play_button_with_text large nectar_video_lightbox pp\"><span><span class=\"screen-reader-text\">Odtw\u00f3rz wideo<\/span><span class=\"play\"><span class=\"inner-wrap inner\"><svg version=\"1.1\"\n\t xmlns=\"http:\/\/www.w3.org\/2000\/svg\" xmlns:xlink=\"http:\/\/www.w3.org\/1999\/xlink\" width=\"600px\" height=\"800px\" x=\"0px\" y=\"0px\" viewbox=\"0 0 600 800\" enable-background=\"new 0 0 600 800\" xml:space=\"preserve\"><path fill=\"none\" d=\"M0-1.79v800L600,395L0-1.79z\"><\/path> <\/svg><\/span><\/span><span class=\"link-text\"><p><\/p><\/span><\/span><\/a>\n<div class=\"wpb_text_column wpb_content_element\" >\n\t<div class=\"wpb_wrapper\">\n\t\t<h4>Fabryka w Polsce<\/h4>\n\t<\/div>\n<\/div>\n\n\n\n\n\t\t\t<\/div> \n\t\t<\/div>\n\t<\/div> \n<\/div><\/div>","protected":false},"excerpt":{"rendered":"Nowe wyzwania i mo\u017cliwo\u015bci Obecnie posiadamy centra przemys\u0142owe w dw\u00f3ch krajach: Portugalii i Polsce. Odtw\u00f3rz wideo fabryk Fabryka w Portugalii Odtw\u00f3rz wideo fabryki w Polsce","protected":false},"author":1,"featured_media":0,"parent":0,"menu_order":0,"comment_status":"closed","ping_status":"closed","template":"","meta":{"footnotes":""},"class_list":["post-243","page","type-page","status-publish"],"yoast_head":"<!-- This site is optimized with the Yoast SEO plugin v24.3 - https:\/\/yoast.com\/wordpress\/plugins\/seo\/ -->\n<title>F\u00e1bricas - Portugal e Pol\u00f3nia | RTE<\/title>\n<meta name=\"description\" content=\"Conhe\u00e7a as nossas f\u00e1bricas, em Portugal e na Pol\u00f3nia, onde garantimos alta qualidade e efici\u00eancia na produ\u00e7\u00e3o de bicicletas e componentes.\" \/>\n<meta name=\"robots\" content=\"index, follow, max-snippet:-1, max-image-preview:large, max-video-preview:-1\" \/>\n<link rel=\"canonical\" href=\"https:\/\/rte.pt\/pl\/produkcja-w-portugalii-i-polsce\/\" \/>\n<meta property=\"og:locale\" content=\"pl_PL\" \/>\n<meta property=\"og:type\" content=\"article\" \/>\n<meta property=\"og:title\" content=\"F\u00e1bricas - Portugal e Pol\u00f3nia | RTE\" \/>\n<meta property=\"og:description\" content=\"Conhe\u00e7a as nossas f\u00e1bricas, em Portugal e na Pol\u00f3nia, onde garantimos alta qualidade e efici\u00eancia na produ\u00e7\u00e3o de bicicletas e componentes.\" \/>\n<meta property=\"og:url\" content=\"https:\/\/rte.pt\/pl\/produkcja-w-portugalii-i-polsce\/\" \/>\n<meta property=\"og:site_name\" content=\"RTE\" \/>\n<meta property=\"article:modified_time\" content=\"2025-04-11T17:47:50+00:00\" \/>\n<meta property=\"og:image\" content=\"https:\/\/rte.pt\/wp-content\/uploads\/2024\/11\/rteportugaldrone-15-1.webp\" \/>\n\t<meta property=\"og:image:width\" content=\"901\" \/>\n\t<meta property=\"og:image:height\" content=\"652\" \/>\n\t<meta property=\"og:image:type\" content=\"image\/webp\" \/>\n<meta name=\"twitter:card\" content=\"summary_large_image\" \/>\n<meta name=\"twitter:label1\" content=\"Szacowany czas czytania\" \/>\n\t<meta name=\"twitter:data1\" content=\"1 minuta\" \/>\n<script type=\"application\/ld+json\" class=\"yoast-schema-graph\">{\"@context\":\"https:\/\/schema.org\",\"@graph\":[{\"@type\":\"WebPage\",\"@id\":\"https:\/\/rte.pt\/fabricas-portugal-e-polonia\/\",\"url\":\"https:\/\/rte.pt\/fabricas-portugal-e-polonia\/\",\"name\":\"F\u00e1bricas - Portugal e Pol\u00f3nia | RTE\",\"isPartOf\":{\"@id\":\"https:\/\/rte.pt\/#website\"},\"datePublished\":\"2024-07-16T21:48:17+00:00\",\"dateModified\":\"2025-04-11T17:47:50+00:00\",\"description\":\"Conhe\u00e7a as nossas f\u00e1bricas, em Portugal e na Pol\u00f3nia, onde garantimos alta qualidade e efici\u00eancia na produ\u00e7\u00e3o de bicicletas e componentes.\",\"breadcrumb\":{\"@id\":\"https:\/\/rte.pt\/fabricas-portugal-e-polonia\/#breadcrumb\"},\"inLanguage\":\"pl-PL\",\"potentialAction\":[{\"@type\":\"ReadAction\",\"target\":[\"https:\/\/rte.pt\/fabricas-portugal-e-polonia\/\"]}]},{\"@type\":\"BreadcrumbList\",\"@id\":\"https:\/\/rte.pt\/fabricas-portugal-e-polonia\/#breadcrumb\",\"itemListElement\":[{\"@type\":\"ListItem\",\"position\":1,\"name\":\"In\u00edcio\",\"item\":\"https:\/\/rte.pt\/\"},{\"@type\":\"ListItem\",\"position\":2,\"name\":\"F\u00e1bricas\"}]},{\"@type\":\"WebSite\",\"@id\":\"https:\/\/rte.pt\/#website\",\"url\":\"https:\/\/rte.pt\/\",\"name\":\"RTE\",\"description\":\"Delivering Cycling Solutions\",\"potentialAction\":[{\"@type\":\"SearchAction\",\"target\":{\"@type\":\"EntryPoint\",\"urlTemplate\":\"https:\/\/rte.pt\/?s={search_term_string}\"},\"query-input\":{\"@type\":\"PropertyValueSpecification\",\"valueRequired\":true,\"valueName\":\"search_term_string\"}}],\"inLanguage\":\"pl-PL\"}]}<\/script>\n<!-- \/ Yoast SEO plugin. -->","yoast_head_json":{"title":"F\u00e1bricas - Portugal e Pol\u00f3nia | RTE","description":"Conhe\u00e7a as nossas f\u00e1bricas, em Portugal e na Pol\u00f3nia, onde garantimos alta qualidade e efici\u00eancia na produ\u00e7\u00e3o de bicicletas e componentes.","robots":{"index":"index","follow":"follow","max-snippet":"max-snippet:-1","max-image-preview":"max-image-preview:large","max-video-preview":"max-video-preview:-1"},"canonical":"https:\/\/rte.pt\/pl\/produkcja-w-portugalii-i-polsce\/","og_locale":"pl_PL","og_type":"article","og_title":"F\u00e1bricas - Portugal e Pol\u00f3nia | RTE","og_description":"Conhe\u00e7a as nossas f\u00e1bricas, em Portugal e na Pol\u00f3nia, onde garantimos alta qualidade e efici\u00eancia na produ\u00e7\u00e3o de bicicletas e componentes.","og_url":"https:\/\/rte.pt\/pl\/produkcja-w-portugalii-i-polsce\/","og_site_name":"RTE","article_modified_time":"2025-04-11T17:47:50+00:00","og_image":[{"width":901,"height":652,"url":"https:\/\/rte.pt\/wp-content\/uploads\/2024\/11\/rteportugaldrone-15-1.webp","type":"image\/webp"}],"twitter_card":"summary_large_image","twitter_misc":{"Szacowany czas czytania":"1 minuta"},"schema":{"@context":"https:\/\/schema.org","@graph":[{"@type":"WebPage","@id":"https:\/\/rte.pt\/fabricas-portugal-e-polonia\/","url":"https:\/\/rte.pt\/fabricas-portugal-e-polonia\/","name":"F\u00e1bricas - Portugal e Pol\u00f3nia | RTE","isPartOf":{"@id":"https:\/\/rte.pt\/#website"},"datePublished":"2024-07-16T21:48:17+00:00","dateModified":"2025-04-11T17:47:50+00:00","description":"Conhe\u00e7a as nossas f\u00e1bricas, em Portugal e na Pol\u00f3nia, onde garantimos alta qualidade e efici\u00eancia na produ\u00e7\u00e3o de bicicletas e componentes.","breadcrumb":{"@id":"https:\/\/rte.pt\/fabricas-portugal-e-polonia\/#breadcrumb"},"inLanguage":"pl-PL","potentialAction":[{"@type":"ReadAction","target":["https:\/\/rte.pt\/fabricas-portugal-e-polonia\/"]}]},{"@type":"BreadcrumbList","@id":"https:\/\/rte.pt\/fabricas-portugal-e-polonia\/#breadcrumb","itemListElement":[{"@type":"ListItem","position":1,"name":"In\u00edcio","item":"https:\/\/rte.pt\/"},{"@type":"ListItem","position":2,"name":"F\u00e1bricas"}]},{"@type":"WebSite","@id":"https:\/\/rte.pt\/#website","url":"https:\/\/rte.pt\/","name":"RTE","description":"Delivering Cycling Solutions","potentialAction":[{"@type":"SearchAction","target":{"@type":"EntryPoint","urlTemplate":"https:\/\/rte.pt\/?s={search_term_string}"},"query-input":{"@type":"PropertyValueSpecification","valueRequired":true,"valueName":"search_term_string"}}],"inLanguage":"pl-PL"}]}},"_links":{"self":[{"href":"https:\/\/rte.pt\/pl\/wp-json\/wp\/v2\/pages\/243"}],"collection":[{"href":"https:\/\/rte.pt\/pl\/wp-json\/wp\/v2\/pages"}],"about":[{"href":"https:\/\/rte.pt\/pl\/wp-json\/wp\/v2\/types\/page"}],"author":[{"embeddable":true,"href":"https:\/\/rte.pt\/pl\/wp-json\/wp\/v2\/users\/1"}],"replies":[{"embeddable":true,"href":"https:\/\/rte.pt\/pl\/wp-json\/wp\/v2\/comments?post=243"}],"version-history":[{"count":15,"href":"https:\/\/rte.pt\/pl\/wp-json\/wp\/v2\/pages\/243\/revisions"}],"predecessor-version":[{"id":786,"href":"https:\/\/rte.pt\/pl\/wp-json\/wp\/v2\/pages\/243\/revisions\/786"}],"wp:attachment":[{"href":"https:\/\/rte.pt\/pl\/wp-json\/wp\/v2\/media?parent=243"}],"curies":[{"name":"wp","href":"https:\/\/api.w.org\/{rel}","templated":true}]}}